{"id":53927,"date":"2021-12-01T10:35:31","date_gmt":"2021-12-01T10:35:31","guid":{"rendered":"https:\/\/stadttheater-minden.de\/le-stadttheater-2\/barrierefrei-zugaenglich\/"},"modified":"2021-12-28T18:16:14","modified_gmt":"2021-12-28T18:16:14","slug":"accessible-sans-barriere","status":"publish","type":"page","link":"https:\/\/stadttheater-minden.de\/fr\/le-stadttheater\/accessible-sans-barriere\/","title":{"rendered":"Accessible sans barri\u00e8re"},"content":{"rendered":"<div class=\"wpb-content-wrapper\" id=\"wpb-content-root\"><p>[vc_row type=\u00a0\u00bb3&Prime; margin_top=\u00a0\u00bb-20px\u00a0\u00bb padding_top=\u00a0\u00bb0px\u00a0\u00bb padding_bottom=\u00a0\u00bb30px\u00a0\u00bb bg_type=\u00a0\u00bbbg_color\u00a0\u00bb bg_override=\u00a0\u00bbex-full\u00a0\u00bb bg_color_value=\u00a0\u00bb#ffffff\u00a0\u00bb css=\u00a0\u00bb.vc_custom_1638885223480{margin-bottom: 50px !important;}\u00a0\u00bb][vc_column]<div class=\"ult-spacer spacer-6a9a9375bd42e\" data-id=\"6a9a9375bd42e\" data-height=\"50\" data-height-mobile=\"0\" data-height-tab=\"\" data-height-tab-portrait=\"0\" data-height-mobile-landscape=\"\" style=\"clear:both;display:block;\"><\/div>[vc_row_inner][vc_column_inner width=\u00a0\u00bb1\/6&Prime;]<style type=\"text\/css\" data-type=\"the7_shortcodes-inline-css\">.dt-shortcode-icon.icon-1a69532bc0d528ea0673b649dbe2423b {\n  min-width: 64px;\n  min-height: 64px;\n  font-size: 32px;\n  border-radius: 100px;\n}\n.dt-shortcode-icon.icon-1a69532bc0d528ea0673b649dbe2423b:last-child {\n  margin-right: 0;\n}\n.dt-shortcode-icon.icon-1a69532bc0d528ea0673b649dbe2423b .icon-inner {\n  margin: 0px;\n  min-width: 64px;\n  min-height: 64px;\n  border-radius: 100px;\n}\n.dt-shortcode-icon.icon-1a69532bc0d528ea0673b649dbe2423b .dt-hover-icon {\n  line-height: 64px;\n}\n.dt-shortcode-icon.icon-1a69532bc0d528ea0673b649dbe2423b:before,\n.dt-shortcode-icon.icon-1a69532bc0d528ea0673b649dbe2423b:after,\n.dt-shortcode-icon.icon-1a69532bc0d528ea0673b649dbe2423b .icon-inner:before,\n.dt-shortcode-icon.icon-1a69532bc0d528ea0673b649dbe2423b .icon-inner:after {\n  min-width: 100%;\n  min-height: 100%;\n  padding: inherit;\n  border-radius: inherit;\n}\n.dt-shortcode-icon.icon-1a69532bc0d528ea0673b649dbe2423b.dt-icon-border-on:before {\n  border-width: 0px;\n  border-style: solid;\n}\n.dt-icon-border-dashed.dt-shortcode-icon.icon-1a69532bc0d528ea0673b649dbe2423b.dt-icon-border-on:before {\n  border-style: dashed;\n}\n.dt-icon-border-dotted.dt-shortcode-icon.icon-1a69532bc0d528ea0673b649dbe2423b.dt-icon-border-on:before {\n  border-style: dotted;\n}\n.dt-icon-border-double.dt-shortcode-icon.icon-1a69532bc0d528ea0673b649dbe2423b.dt-icon-border-on:before {\n  border-style: double;\n}\n.dt-shortcode-icon.icon-1a69532bc0d528ea0673b649dbe2423b.dt-icon-hover-border-on:after {\n  border-width: 0px;\n  border-style: solid;\n}\n.dt-icon-border-dashed.dt-shortcode-icon.icon-1a69532bc0d528ea0673b649dbe2423b.dt-icon-hover-border-on:after {\n  border-style: dashed;\n}\n.dt-icon-border-dotted.dt-shortcode-icon.icon-1a69532bc0d528ea0673b649dbe2423b.dt-icon-hover-border-on:after {\n  border-style: dotted;\n}\n.dt-icon-border-double.dt-shortcode-icon.icon-1a69532bc0d528ea0673b649dbe2423b.dt-icon-hover-border-on:after {\n  border-style: double;\n}\n.dt-shortcode-icon.icon-1a69532bc0d528ea0673b649dbe2423b.dt-icon-hover-on:hover {\n  font-size: 32px;\n}\n#page .dt-shortcode-icon.icon-1a69532bc0d528ea0673b649dbe2423b.dt-icon-hover-on:hover .soc-font-icon,\n#phantom .dt-shortcode-icon.icon-1a69532bc0d528ea0673b649dbe2423b.dt-icon-hover-on:hover .soc-font-icon,\n#page .dt-shortcode-icon.icon-1a69532bc0d528ea0673b649dbe2423b.dt-icon-hover-on:hover .soc-icon,\n#phantom .dt-shortcode-icon.icon-1a69532bc0d528ea0673b649dbe2423b.dt-icon-hover-on:hover .soc-icon {\n  color: rgba(255,255,255,0.75);\n  background: none;\n}\n#page .dt-shortcode-icon.icon-1a69532bc0d528ea0673b649dbe2423b.dt-icon-hover-on:not(:hover) .soc-font-icon,\n#phantom .dt-shortcode-icon.icon-1a69532bc0d528ea0673b649dbe2423b.dt-icon-hover-on:not(:hover) .soc-font-icon,\n#page .dt-shortcode-icon.icon-1a69532bc0d528ea0673b649dbe2423b.dt-icon-hover-on:not(:hover) .soc-icon,\n#phantom .dt-shortcode-icon.icon-1a69532bc0d528ea0673b649dbe2423b.dt-icon-hover-on:not(:hover) .soc-icon,\n#page .dt-shortcode-icon.icon-1a69532bc0d528ea0673b649dbe2423b.dt-icon-hover-off .soc-font-icon,\n#phantom .dt-shortcode-icon.icon-1a69532bc0d528ea0673b649dbe2423b.dt-icon-hover-off .soc-font-icon,\n#page .dt-shortcode-icon.icon-1a69532bc0d528ea0673b649dbe2423b.dt-icon-hover-off .soc-icon,\n#phantom .dt-shortcode-icon.icon-1a69532bc0d528ea0673b649dbe2423b.dt-icon-hover-off .soc-icon {\n  color: #ffffff;\n  background: none;\n}\n.dt-shortcode-icon.icon-1a69532bc0d528ea0673b649dbe2423b .soc-font-icon,\n.dt-shortcode-icon.icon-1a69532bc0d528ea0673b649dbe2423b .soc-icon {\n  font-size: 32px;\n}<\/style><div class=\"dt-shortcode-icon-wrap  \"><span  class=\"anchor-link fas fa-wheelchair icon-1a69532bc0d528ea0673b649dbe2423b dt-shortcode-icon dt-icon-bg-on dt-icon-border-on dt-icon-hover-border-on dt-icon-hover-on dt-icon-hover-bg-on  \" ><span class=\"icon-inner\"><i class=\"dt-regular-icon soc-icon fas fa-wheelchair\"><\/i><i class=\"dt-hover-icon soc-icon fas fa-wheelchair\"><\/i><span class=\"screen-reader-text\"><\/span><\/span><\/span><\/div><div class=\"ult-spacer spacer-6a9a9375bd604\" data-id=\"6a9a9375bd604\" data-height=\"20\" data-height-mobile=\"20\" data-height-tab=\"20\" data-height-tab-portrait=\"\" data-height-mobile-landscape=\"\" style=\"clear:both;display:block;\"><\/div>[\/vc_column_inner][vc_column_inner width=\u00a0\u00bb5\/6&Prime;]<div id=\"ultimate-heading-92696a9a9375bd665\" class=\"uvc-heading ult-adjust-bottom-margin ultimate-heading-92696a9a9375bd665 uvc-4468 \" data-hspacer=\"line_only\"  data-halign=\"left\" style=\"text-align:left\"><div class=\"uvc-main-heading ult-responsive\"  data-ultimate-target='.uvc-heading.ultimate-heading-92696a9a9375bd665 h1'  data-responsive-json-new='{\"font-size\":\"desktop:30px;\",\"line-height\":\"desktop:40px;\"}' ><h1 style=\"--font-weight:theme;margin-top:-15px;margin-bottom:10px;\">Accessible sans barri\u00e8re<\/h1><\/div><div class=\"uvc-heading-spacer line_only\" style=\"margin-top:5px;margin-bottom:5px;height:1px;\"><span class=\"uvc-headings-line\" style=\"border-style:solid;border-bottom-width:1px;border-color:#666666;width:150px;\"><\/span><\/div><div class=\"uvc-sub-heading ult-responsive\"  data-ultimate-target='.uvc-heading.ultimate-heading-92696a9a9375bd665 .uvc-sub-heading '  data-responsive-json-new='{\"font-size\":\"desktop:16px;\",\"line-height\":\"desktop:30px;\"}'  style=\"font-weight:normal;margin-bottom:25px;\">Au Stadttheater Minden, l\u2019accessibilit\u00e9 pour tous signifie que notre maison &#8230;<\/div><\/div>[\/vc_column_inner][\/vc_row_inner]<div class=\"ult-spacer spacer-6a9a9375bd6c6\" data-id=\"6a9a9375bd6c6\" data-height=\"20\" data-height-mobile=\"20\" data-height-tab=\"20\" data-height-tab-portrait=\"\" data-height-mobile-landscape=\"\" style=\"clear:both;display:block;\"><\/div>[vc_column_text]&#8230; est accessible \u00e0 tous les gens quels qu\u2019ils soient \u2013 qu\u2019ils souffrent ou non d\u2019un handicap. Ainsi, nous proposons diverses solutions pour permettre aux personnes handicap\u00e9es de partager facilement avec tous les visiteurs et visiteuses les exp\u00e9riences offertes par le th\u00e9\u00e2tre.<\/p>\n<p>Le th\u00e9\u00e2tre municipal de Minden est dot\u00e9 d\u2019un \u00e9quipement permettant d\u2019utiliser diff\u00e9rents outils d\u2019aide en fonction du degr\u00e9 de perte auditive. Pour les personnes atteintes d\u2019une l\u00e9g\u00e8re surdit\u00e9 mais pouvant vaquer \u00e0 leurs activit\u00e9s quotidiennes sans appareil auditif, nous proposons des aides auditives qui diffusent le son de la sc\u00e8ne amplifi\u00e9 directement dans les \u00e9couteurs mis \u00e0 disposition. Ces aides sont disponibles au guichet du soir.<\/p>\n<p>Pour les personnes en fauteuil roulant ou \u00e0 mobilit\u00e9 r\u00e9duite, nous sommes facilement accessibles via une rampe situ\u00e9e \u00e0 l\u2019ext\u00e9rieur. Des places sp\u00e9cialement d\u00e9di\u00e9es aux fauteuils roulants viennent compl\u00e9ter l\u2019offre. Actuellement, les toilettes pour personnes handicap\u00e9es se trouvent au sous-sol du caf\u00e9 du th\u00e9\u00e2tre. Apr\u00e8s les travaux de transformation, d\u2019autres installations sanitaires adapt\u00e9es aux personnes souffrant d\u2019un handicap seront disponibles de plain-pied au rez-de-chauss\u00e9e du foyer.[\/vc_column_text][\/vc_column][\/vc_row]<\/p>\n<\/div>","protected":false},"excerpt":{"rendered":"<p>[vc_row type=\u00a0\u00bb3&Prime; margin_top=\u00a0\u00bb-20px\u00a0\u00bb padding_top=\u00a0\u00bb0px\u00a0\u00bb padding_bottom=\u00a0\u00bb30px\u00a0\u00bb bg_type=\u00a0\u00bbbg_color\u00a0\u00bb bg_override=\u00a0\u00bbex-full\u00a0\u00bb bg_color_value=\u00a0\u00bb#ffffff\u00a0\u00bb css=\u00a0\u00bb.vc_custom_1638885223480{margin-bottom: 50px !important;}\u00a0\u00bb][vc_column][vc_row_inner][vc_column_inner width=\u00a0\u00bb1\/6&Prime;][\/vc_column_inner][vc_column_inner width=\u00a0\u00bb5\/6&Prime;][\/vc_column_inner][\/vc_row_inner][vc_column_text]&#8230; est accessible \u00e0 tous les gens quels qu\u2019ils soient \u2013 qu\u2019ils souffrent ou non d\u2019un handicap. Ainsi,&hellip;<\/p>\n","protected":false},"author":13,"featured_media":0,"parent":53284,"menu_order":2,"comment_status":"closed","ping_status":"closed","template":"","meta":{"inline_featured_image":false,"footnotes":""},"categories":[],"tags":[],"class_list":["post-53927","page","type-page","status-publish","hentry","description-off"],"publishpress_future_workflow_manual_trigger":{"enabledWorkflows":[]},"_links":{"self":[{"href":"https:\/\/stadttheater-minden.de\/fr\/wp-json\/wp\/v2\/pages\/53927","targetHints":{"allow":["GET"]}}],"collection":[{"href":"https:\/\/stadttheater-minden.de\/fr\/wp-json\/wp\/v2\/pages"}],"about":[{"href":"https:\/\/stadttheater-minden.de\/fr\/wp-json\/wp\/v2\/types\/page"}],"author":[{"embeddable":true,"href":"https:\/\/stadttheater-minden.de\/fr\/wp-json\/wp\/v2\/users\/13"}],"replies":[{"embeddable":true,"href":"https:\/\/stadttheater-minden.de\/fr\/wp-json\/wp\/v2\/comments?post=53927"}],"version-history":[{"count":0,"href":"https:\/\/stadttheater-minden.de\/fr\/wp-json\/wp\/v2\/pages\/53927\/revisions"}],"up":[{"embeddable":true,"href":"https:\/\/stadttheater-minden.de\/fr\/wp-json\/wp\/v2\/pages\/53284"}],"wp:attachment":[{"href":"https:\/\/stadttheater-minden.de\/fr\/wp-json\/wp\/v2\/media?parent=53927"}],"wp:term":[{"taxonomy":"category","embeddable":true,"href":"https:\/\/stadttheater-minden.de\/fr\/wp-json\/wp\/v2\/categories?post=53927"},{"taxonomy":"post_tag","embeddable":true,"href":"https:\/\/stadttheater-minden.de\/fr\/wp-json\/wp\/v2\/tags?post=53927"}],"curies":[{"name":"wp","href":"https:\/\/api.w.org\/{rel}","templated":true}]}}